{"id":179,"date":"2018-12-27T14:32:51","date_gmt":"2018-12-27T14:32:51","guid":{"rendered":"http:\/\/www.husanes.is\/?page_id=179"},"modified":"2019-09-08T11:24:50","modified_gmt":"2019-09-08T11:24:50","slug":"leirdalur","status":"publish","type":"page","link":"http:\/\/www.husanes.is\/index.php\/leirdalur\/","title":{"rendered":"Leirdalur"},"content":{"rendered":"<p>[et_pb_section fb_built=&#8221;1&#8243; _builder_version=&#8221;3.18.7&#8243; custom_padding=&#8221;40px|0px|0|0px|false|false&#8221;][et_pb_row custom_padding=&#8221;0|0px|46px|0px|false|false&#8221; _builder_version=&#8221;3.18.7&#8243;][et_pb_column type=&#8221;4_4&#8243; _builder_version=&#8221;3.18.7&#8243;][et_pb_gallery gallery_ids=&#8221;312,311,306,310,307,308,309,305&#8243; fullwidth=&#8221;on&#8221; _builder_version=&#8221;3.20.2&#8243;][\/et_pb_gallery][\/et_pb_column][\/et_pb_row][et_pb_row custom_padding=&#8221;27px|0px|55px|0px|false|false&#8221; _builder_version=&#8221;3.20.2&#8243;][et_pb_column type=&#8221;4_4&#8243; _builder_version=&#8221;3.20.2&#8243;][et_pb_text _builder_version=&#8221;3.20.2&#8243; text_font=&#8221;Asap Condensed||||||||&#8221; text_text_color=&#8221;#000000&#8243; text_font_size=&#8221;50px&#8221; text_line_height=&#8221;1em&#8221;]<\/p>\n<p class=\"p1\"><span class=\"s1\"><b>Leirdalur 15-21, 260 Reykjanesb\u00e6r<\/b><\/span><\/p>\n<p>[\/et_pb_text][\/et_pb_column][\/et_pb_row][\/et_pb_section][et_pb_section fb_built=&#8221;1&#8243; _builder_version=&#8221;3.18.7&#8243; custom_padding=&#8221;0|0px|0|0px|false|false&#8221;][et_pb_row custom_padding=&#8221;0|0px|0|0px|false|false&#8221; _builder_version=&#8221;3.18.7&#8243;][et_pb_column type=&#8221;4_4&#8243; _builder_version=&#8221;3.18.7&#8243;][et_pb_text _builder_version=&#8221;3.20.2&#8243; text_font=&#8221;Asap Condensed|700|||||||&#8221; text_text_color=&#8221;#000000&#8243; text_font_size=&#8221;30px&#8221; text_line_height=&#8221;1em&#8221; header_font=&#8221;||||||||&#8221; header_font_size=&#8221;39px&#8221; inline_fonts=&#8221;Asap Condensed&#8221;]<\/p>\n<p><strong>4. herbergja s\u00e9rh\u00e6\u00f0ir me\u00f0 st\u00f3rri ver\u00f6nd, me\u00f0 e\u00f0a \u00e1n b\u00edlsk\u00fars. Vanda\u00f0ar fullb\u00fanar eignir, sem skilast me\u00f0 g\u00f3lfefnum og t\u00e6kjum.<\/strong><\/p>\n<p><span class=\"s1\" style=\"font-size: 30px;\"><b>Eignirnar eru sta\u00f0settar \u00ed hjarta Dalshverfis.\u00a0<\/b><\/span><b style=\"font-size: 30px;\">\u00cdb\u00fa\u00f0ir 109,5m2 og b\u00edlsk\u00far 30m2<\/b><\/p>\n<p class=\"p1\"><span style=\"color: #e02b20;\">S\u00f6lusy\u0301ning laugardaginn 7. sept. fr\u00e1 kl.12:00-14:00 og sunnudaginn 8. sept. fr\u00e1 kl.13:00-15:00<\/span><\/p>\n<p class=\"p1\"><span style=\"font-size: xx-large;\"><\/span><\/p>\n<p>[\/et_pb_text][\/et_pb_column][\/et_pb_row][\/et_pb_section][et_pb_section fb_built=&#8221;1&#8243; _builder_version=&#8221;3.19.5&#8243; custom_padding=&#8221;0|0px|7px|0px|false|false&#8221;][\/et_pb_section][et_pb_section fb_built=&#8221;1&#8243; _builder_version=&#8221;3.19.5&#8243; custom_padding=&#8221;0|0px|63px|0px|false|false&#8221;][et_pb_row custom_padding=&#8221;0|0px|0|0px|false|false&#8221; _builder_version=&#8221;3.19.5&#8243;][et_pb_column type=&#8221;4_4&#8243; _builder_version=&#8221;3.19.5&#8243;][et_pb_testimonial author=&#8221;Halld\u00f3r Ragnarsson&#8221; job_title=&#8221;Byggingarstj\u00f3ri og annar eigenda H\u00fasanes&#8221; quote_icon_color=&#8221;#000000&#8243; _builder_version=&#8221;3.19.5&#8243; body_font=&#8221;||||||||&#8221; body_font_size=&#8221;20px&#8221; text_orientation=&#8221;center&#8221;]<\/p>\n<p style=\"text-align: center;\">\u00deetta eru s\u00e9rstaklega vanda\u00f0ar eignir<\/p>\n<p>[\/et_pb_testimonial][\/et_pb_column][\/et_pb_row][\/et_pb_section][et_pb_section fb_built=&#8221;1&#8243; _builder_version=&#8221;3.18.7&#8243; custom_padding=&#8221;0|0px|54px|0px|false|false&#8221;][et_pb_row custom_padding=&#8221;0|0px|0|0px|false|false&#8221; _builder_version=&#8221;3.18.7&#8243;][et_pb_column type=&#8221;4_4&#8243; _builder_version=&#8221;3.18.7&#8243;][et_pb_text _builder_version=&#8221;3.18.7&#8243; text_font=&#8221;Asap Condensed|700|||||||&#8221;]<\/p>\n<h1>H\u00fasin eru sta\u00f0steypt, einangru\u00f0 a\u00f0 utan og kl\u00e6dd me\u00f0 fl\u00edsum.<\/h1>\n<p>[\/et_pb_text][\/et_pb_column][\/et_pb_row][et_pb_row custom_padding=&#8221;0|0px|27px|0px|false|false&#8221; _builder_version=&#8221;3.18.7&#8243;][et_pb_column type=&#8221;4_4&#8243; _builder_version=&#8221;3.18.7&#8243;][et_pb_text _builder_version=&#8221;3.18.7&#8243;]<\/p>\n<ul class=\"list-styled\">\n<li>S\u00e9rsm\u00ed\u00f0a\u00f0ar innr\u00e9ttingar fr\u00e1 Ormsson\/HTH<\/li>\n<li>G\u00f3lfhiti, 60&#215;60 fl\u00edsar og parket \u00e1 g\u00f3lfum.<\/li>\n<li>AEG heimilist\u00e6ki, upp\u00fevottav\u00e9l og \u00edssk\u00e1pur fylgja<\/li>\n<li>LED l\u00fdsing innan- og utandyra \u00ed \u00f6llum eignum<\/li>\n<li>Gar\u00f0ur fullfr\u00e1genginn me\u00f0 st\u00f3rum \u00feaksv\u00f6lum e\u00f0a s\u00f3lpalli.<\/li>\n<li>B\u00edlast\u00e6\u00f0i hellul\u00f6g\u00f0 me\u00f0 hital\u00f6gn \u00ed g\u00f6ngulei\u00f0.<\/li>\n<li>N\u00fdr sk\u00f3li Stapask\u00f3li \u00ed g\u00f6nguf\u00e6ri, n\u00fd hverfisverslun.<\/li>\n<\/ul>\n<p>[\/et_pb_text][\/et_pb_column][\/et_pb_row][et_pb_row _builder_version=&#8221;3.18.7&#8243;][et_pb_column type=&#8221;4_4&#8243; _builder_version=&#8221;3.18.7&#8243;][et_pb_text _builder_version=&#8221;3.20.2&#8243;]<\/p>\n<p class=\"container-title\">N\u00e1nari uppl\u00fdsingar m\u00e1 finna hj\u00e1 Eignasala.is \u00ed s\u00edma 420-6070 eignasala@eignasala.is og Sigr\u00fanu Sigur\u00f0ard\u00f3ttur hj\u00e1 \u00deingholti \u00ed s\u00edma 773-7617 sigrun@tingholt.is<\/p>\n<p class=\"container-title\">Byggingara\u00f0ili er H\u00fasanes sem er traustur a\u00f0ili me\u00f0 40 \u00e1ra reynslu. H\u00fasanes hefur s\u00e9rh\u00e6ft sig \u00ed byggingu \u00edb\u00fa\u00f0arh\u00fasn\u00e6\u00f0is og byggt alls um 1.500 \u00edb\u00fa\u00f0ir \u00e1 t\u00edmabilinu. H\u00fasanes starfar samkv\u00e6mt l\u00f6ggildu g\u00e6\u00f0akerfi og starfsleyfi Mannvirkjastofnunar \u00cdslands.<\/p>\n<p>[\/et_pb_text][\/et_pb_column][\/et_pb_row][\/et_pb_section]<\/p>\n","protected":false},"excerpt":{"rendered":"<p>Leirdalur 15-21, 260 Reykjanesb\u00e6r4. herbergja s\u00e9rh\u00e6\u00f0ir me\u00f0 st\u00f3rri ver\u00f6nd, me\u00f0 e\u00f0a \u00e1n b\u00edlsk\u00fars. Vanda\u00f0ar fullb\u00fanar eignir, sem skilast me\u00f0 g\u00f3lfefnum og t\u00e6kjum. Eignirnar eru sta\u00f0settar \u00ed hjarta Dalshverfis.\u00a0\u00cdb\u00fa\u00f0ir 109,5m2 og b\u00edlsk\u00far 30m2 S\u00f6lusy\u0301ning laugardaginn 7. sept. fr\u00e1 kl.12:00-14:00 og sunnudaginn 8. sept. fr\u00e1 kl.13:00-15:00 \u00deetta eru s\u00e9rstaklega vanda\u00f0ar eignirH\u00fasin eru sta\u00f0steypt, einangru\u00f0 a\u00f0 utan og [&hellip;]<\/p>\n","protected":false},"author":2,"featured_media":0,"parent":0,"menu_order":0,"comment_status":"closed","ping_status":"closed","template":"","meta":{"_et_pb_use_builder":"on","_et_pb_old_content":"","_et_gb_content_width":"","footnotes":""},"class_list":["post-179","page","type-page","status-publish","hentry"],"_links":{"self":[{"href":"http:\/\/www.husanes.is\/index.php\/wp-json\/wp\/v2\/pages\/179","targetHints":{"allow":["GET"]}}],"collection":[{"href":"http:\/\/www.husanes.is\/index.php\/wp-json\/wp\/v2\/pages"}],"about":[{"href":"http:\/\/www.husanes.is\/index.php\/wp-json\/wp\/v2\/types\/page"}],"author":[{"embeddable":true,"href":"http:\/\/www.husanes.is\/index.php\/wp-json\/wp\/v2\/users\/2"}],"replies":[{"embeddable":true,"href":"http:\/\/www.husanes.is\/index.php\/wp-json\/wp\/v2\/comments?post=179"}],"version-history":[{"count":34,"href":"http:\/\/www.husanes.is\/index.php\/wp-json\/wp\/v2\/pages\/179\/revisions"}],"predecessor-version":[{"id":319,"href":"http:\/\/www.husanes.is\/index.php\/wp-json\/wp\/v2\/pages\/179\/revisions\/319"}],"wp:attachment":[{"href":"http:\/\/www.husanes.is\/index.php\/wp-json\/wp\/v2\/media?parent=179"}],"curies":[{"name":"wp","href":"https:\/\/api.w.org\/{rel}","templated":true}]}}